{"id":1497,"date":"2022-06-20T13:11:36","date_gmt":"2022-06-20T12:11:36","guid":{"rendered":"https:\/\/rainfor.org\/?page_id=1497"},"modified":"2022-07-19T15:38:35","modified_gmt":"2022-07-19T14:38:35","slug":"home","status":"publish","type":"page","link":"https:\/\/rainfor.org\/pt\/","title":{"rendered":"In\u00edcio"},"content":{"rendered":"\n<section id=\"section-85355fe1-831e-4765-b817-6dadf731d618\" class=\"wp-block-gutentor-image-slider alignfull gutentor-section gutentor-image-slider imageSlider-template1\"><div class=\"gutentor-grid-item-wrap\"><div class=\"gutentor-slider-wrapper\" data-dots=\"true\" data-arrows=\"true\" data-infinite=\"true\" data-nextarrow=\"fas fa-angle-right\" data-prevarrow=\"fas fa-angle-left\" data-autoplay=\"true\" data-autoplayspeed=\"2428\" data-fade=\"true\" data-speed=\"2003\"><div class=\"gutentor-slider-item\"><div class=\"gutentor-single-item gutentor-single-item-0\"><div class=\"gutentor-single-item-wrap\"><div class=\"gutentor-single-item-image-box\"><div class=\"gutentor-bg-image\"><\/div><\/div><div class=\"gutentor-single-item-content\"><div class=\"grid-container\"><div class=\"slider-caption text-left\"><h3 class=\"gutentor-single-item-title\">SOBRE O RAINFOR<\/h3><p class=\"gutentor-single-item-desc\"><strong>Medindo o pulso da maior floresta tropical<\/strong><br>A Amaz\u00f4nia abarca mais vida, \u00e1gua e carbono do que qualquer outra floresta da Terra<br>Os parceiros do RAINFOR est\u00e3o dedicados \u00e0 compreender os seus valiosos ecossistemas<\/p><a class=\"gutentor-button gutentor-single-item-button gutentor-icon-hide\" href=\"https:\/\/rainfor.org\/pt\/projeto\/sobre-a-rainfor\/\"><i class=\"gutentor-button-icon fas fa-book\"><\/i><span>Leia Mais<\/span><\/a><\/div><\/div><\/div><\/div><\/div><\/div><div class=\"gutentor-slider-item\"><div class=\"gutentor-single-item gutentor-single-item-1\"><div class=\"gutentor-single-item-wrap\"><div class=\"gutentor-single-item-image-box\"><div class=\"gutentor-bg-image\"><\/div><\/div><div class=\"gutentor-single-item-content\"><div class=\"grid-container\"><div class=\"slider-caption text-left\"><h3 class=\"gutentor-single-item-title\"><strong>NOVIDADES<\/strong><\/h3><p class=\"gutentor-single-item-desc\">A import\u00e2ncia da profundidade do len\u00e7ol fre\u00e1tico &#8211; <em>Maio de 2022<\/em><br><br>Como podemos fazer os dados florestais justos? <br>Coloque pessoas &#8211; e n\u00e3o dados- primeiro &#8211; <em>Maio de 2022<\/em><\/p><a class=\"gutentor-button gutentor-single-item-button gutentor-icon-hide\" href=\"https:\/\/rainfor.org\/pt\/noticias-2\/noticias\/\"><i class=\"gutentor-button-icon fas fa-book\"><\/i><span>Leia Mais<\/span><\/a><\/div><\/div><\/div><\/div><\/div><\/div><div class=\"gutentor-slider-item\"><div class=\"gutentor-single-item gutentor-single-item-2\"><div class=\"gutentor-single-item-wrap\"><div class=\"gutentor-single-item-image-box\"><div class=\"gutentor-bg-image\"><\/div><\/div><div class=\"gutentor-single-item-content\"><div class=\"grid-container\"><div class=\"slider-caption text-left\"><h3 class=\"gutentor-single-item-title\">MANUAIS<\/h3><p class=\"gutentor-single-item-desc\">\u00b7\u00a0 \u00a0 \u00a0 Manuais de campo\u00a0<br>\u00b7\u00a0 \u00a0 \u00a0 Monitoramento de carbono em parcelas permanentes<br>\u00b7\u00a0 \u00a0 \u00a0 Suporte para o uso sustent\u00e1vel dos recursos florestais<br>.\u00a0\u00a0\u00a0\u00a0\u00a0\u00a0Nosso c\u00f3digo de conduta<\/p><a class=\"gutentor-button gutentor-single-item-button gutentor-icon-hide\" href=\"https:\/\/rainfor.org\/pt\/manuais\/em-campo\/\"><i class=\"gutentor-button-icon fas fa-book\"><\/i><span>Leia Mais<\/span><\/a><\/div><\/div><\/div><\/div><\/div><\/div><div class=\"gutentor-slider-item\"><div class=\"gutentor-single-item gutentor-single-item-3\"><div class=\"gutentor-single-item-wrap\"><div class=\"gutentor-single-item-image-box\"><div class=\"gutentor-bg-image\"><\/div><\/div><div class=\"gutentor-single-item-content\"><div class=\"grid-container\"><div class=\"slider-caption text-left\"><h3 class=\"gutentor-single-item-title\">PUBLICA\u00c7\u00d5ES<\/h3><p class=\"gutentor-single-item-desc\">As contribui\u00e7\u00f5es cient\u00edficas do RAINFOR abrangem mais de 300 publica\u00e7<strong>\u00f5<\/strong>es<br>Leias as publica\u00e7<strong>\u00f5<\/strong>es\u00a0mais recentes<\/p><a class=\"gutentor-button gutentor-single-item-button gutentor-icon-hide\" href=\"https:\/\/rainfor.org\/pt\/publicacoes\/\"><i class=\"gutentor-button-icon fas fa-book\"><\/i><span>Leia Mais<\/span><\/a><\/div><\/div><\/div><\/div><\/div><\/div><div class=\"gutentor-slider-item\"><div class=\"gutentor-single-item gutentor-single-item-4\"><div class=\"gutentor-single-item-wrap\"><div class=\"gutentor-single-item-image-box\"><div class=\"gutentor-bg-image\"><\/div><\/div><div class=\"gutentor-single-item-content\"><div class=\"grid-container\"><div class=\"slider-caption text-left\"><h3 class=\"gutentor-single-item-title\">EXPEDI\u00c7\u00d5ES DE CAMPO<\/h3><p class=\"gutentor-single-item-desc\">Desde de 2000, o RAINFOR busca monitorar \u00e1rvore por \u00e1rvore, no ch\u00e3o da Amaz\u00f4nia, a longo prazo<\/p><a class=\"gutentor-button gutentor-single-item-button gutentor-icon-hide\" href=\"https:\/\/rainfor.org\/pt\/projeto\/campanhas-de-campo\/\"><i class=\"gutentor-button-icon fas fa-book\"><\/i><span>Leia Mais<\/span><\/a><\/div><\/div><\/div><\/div><\/div><\/div><\/div><\/div><\/section>\n\n\n\n<section id=\"gme579c19\" class=\"wp-block-gutentor-m4 section-gme579c19 gutentor-module gutentor-advanced-columns\"><div class=\"grid-container\"><div class=\"grid-row\">\n<div id=\"col-gmd95e6b\" class=\"wp-block-gutentor-m4-col col-gmd95e6b gutentor-single-column  grid-lg-2 grid-md-12 grid-12\"><div id=\"section-gmd95e6b\" class=\"section-gmd95e6b gutentor-col-wrap\"><\/div><\/div>\n\n\n\n<div id=\"col-gm9ca724\" class=\"wp-block-gutentor-m4-col col-gm9ca724 gutentor-single-column  grid-lg-8 grid-md-12 grid-12\"><div id=\"section-gm9ca724\" class=\"section-gm9ca724 gutentor-col-wrap\">\n<h2 class=\"has-text-align-center wp-block-heading\">BEM VINDOS AO SITE DO RAINFOR<\/h2>\n\n\n\n<p class=\"has-text-align-justify\">A Rede Amaz\u00f4nica de Invent\u00e1rios Florestais \u00e9 uma colabora\u00e7\u00e3o internacional, a longo prazo, para compreender as din\u00e2micas dos ecossistemas da Amaz\u00f4nia. Desde a mudan\u00e7a do mil\u00eanio, temos desenvolvido em conjunto uma estrutura sistem\u00e1tica para o monitoramento das florestas a partir do solo. Esta estrutura \u00e9 centrada em parcelas florestais permanentes que rastreiam o comportamento de \u00e1rvores e de esp\u00e9cies individuais, mas tamb\u00e9m inclui cole\u00e7\u00f5es extensas de solo e de dados biogeoqu\u00edmicos de plantas, e monitoramento intensivo e freq\u00fcente dos processos do ciclo de carbono em locais-chave. A RAINFOR trabalha com parceiros em toda as na\u00e7\u00f5es da Amaz\u00f4nia, tendo em conta o papel modulador de vari\u00e1veis ambientais como a nutri\u00e7\u00e3o do solo, e a necessidade de ajudar a desenvolver novas gera\u00e7\u00f5es de ecologistas Amaz\u00f4nicos. O trabalho de RAINFOR \u00e9 atualmente suportado pelas ag\u00eancias de financiamento no Brasil, Col\u00f4mbia, Reino Unido e Uni\u00e3o Europeia.<\/p>\n<\/div><\/div>\n\n\n\n<div id=\"col-gm01f848\" class=\"wp-block-gutentor-m4-col col-gm01f848 gutentor-single-column  grid-lg-2 grid-md-12 grid-12\"><div id=\"section-gm01f848\" class=\"section-gm01f848 gutentor-col-wrap\"><\/div><\/div>\n<\/div><\/div><\/section>\n\n\n\n<section id=\"section-10085787-2e23-424a-ac3e-b22029b3c942\" class=\"wp-block-gutentor-gallery gutentor-section gutentor-gallery gutentor-gallery-wrapper enable-masonry gallery-template2 has-color-bg has-custom-bg\"><div class=\"grid-container gutentor-rm-ct-space-d\"><div class=\"gutentor-block-header\"><div class=\"gutentor-section-title enable-title-design seperator-bottom text-center\"><h2 class=\"gutentor-title\">Campanhas de campo<\/h2><\/div><\/div><div class=\"grid-row gutentor-grid-item-wrap full-width-row\"><div class=\"gutentor-gallery-item grid-md-3 grid-sm-4 grid-xs-12\"><div class=\"gutentor-single-item gutentor-image gutentor-single-item-0\"><div class=\"gutentor-gallery-item-wrap\"><div class=\"gutentor-single-item-image-box\"><div class=\"gutentor-image-thumb\"><img loading=\"lazy\" decoding=\"async\" class=\"normal-image\" src=\"https:\/\/rainfor.org\/wp-content\/uploads\/sites\/129\/2022\/06\/GOOD_Image-21_Peru_Identification_Monteagudo_edit.jpg\" alt=\"\" height=\"768\" width=\"1024\" \/><div class=\"overlay\"><\/div><\/div><\/div><div class=\"gutentor-single-item-content\"><div class=\"gutentor-gallery-item-header\"><a href=\"https:\/\/rainfor.org\/wp-content\/uploads\/sites\/129\/2022\/06\/GOOD_Image-21_Peru_Identification_Monteagudo_edit.jpg\" class=\"image-gallery\"><i class=\"gallery-icon fas fa-search\"><\/i><\/a><\/div><div class=\"gutentor-gallery-item-desc\"><p class=\"gutentor-single-item-desc\">Identifica\u00e7\u00e3o de plantas, Peru (foto de Abel Monteagudo)<\/p><a class=\"gutentor-button gutentor-single-item-button gutentor-icon-hide\" href=\"https:\/\/rainfor.org\/pt\/projeto\/campanhas-de-campo\/\"><i class=\"gutentor-button-icon fas fa-book\"><\/i><span>Leia Mais<\/span><\/a><\/div><\/div><\/div><\/div><\/div><div class=\"gutentor-gallery-item grid-md-3 grid-sm-4 grid-xs-12\"><div class=\"gutentor-single-item gutentor-image gutentor-single-item-1\"><div class=\"gutentor-gallery-item-wrap\"><div class=\"gutentor-single-item-image-box\"><div class=\"gutentor-image-thumb\"><img loading=\"lazy\" decoding=\"async\" class=\"normal-image\" src=\"https:\/\/rainfor.org\/wp-content\/uploads\/sites\/129\/2022\/06\/GOOD_Image-12_CloudForest_Bryan2.jpg\" alt=\"\" height=\"401\" width=\"800\" \/><div class=\"overlay\"><\/div><\/div><\/div><div class=\"gutentor-single-item-content\"><div class=\"gutentor-gallery-item-header\"><a href=\"https:\/\/rainfor.org\/wp-content\/uploads\/sites\/129\/2022\/06\/GOOD_Image-12_CloudForest_Bryan2.jpg\" class=\"image-gallery\"><i class=\"gallery-icon fas fa-search\"><\/i><\/a><\/div><div class=\"gutentor-gallery-item-desc\"><p class=\"gutentor-single-item-desc\">Floresta de Altitude (foto: Jake Bryant)<\/p><a class=\"gutentor-button gutentor-single-item-button gutentor-icon-hide\" href=\"https:\/\/rainfor.org\/pt\/projeto\/campanhas-de-campo\/\"><i class=\"gutentor-button-icon fas fa-book\"><\/i><span>Leia Mais<\/span><\/a><\/div><\/div><\/div><\/div><\/div><div class=\"gutentor-gallery-item grid-md-3 grid-sm-4 grid-xs-12\"><div class=\"gutentor-single-item gutentor-image gutentor-single-item-2\"><div class=\"gutentor-gallery-item-wrap\"><div class=\"gutentor-single-item-image-box\"><div class=\"gutentor-image-thumb\"><img loading=\"lazy\" decoding=\"async\" class=\"normal-image\" src=\"https:\/\/rainfor.org\/wp-content\/uploads\/sites\/129\/2022\/06\/GOOD_Abel_Equipo-de-remedcion-de-parcela-ALP-11-2015-2.jpg\" alt=\"\" height=\"1440\" width=\"1920\" \/><div class=\"overlay\"><\/div><\/div><\/div><div class=\"gutentor-single-item-content\"><div class=\"gutentor-gallery-item-header\"><a href=\"https:\/\/rainfor.org\/wp-content\/uploads\/sites\/129\/2022\/06\/GOOD_Abel_Equipo-de-remedcion-de-parcela-ALP-11-2015-2.jpg\" class=\"image-gallery\"><i class=\"gallery-icon fas fa-search\"><\/i><\/a><\/div><div class=\"gutentor-gallery-item-desc\"><p class=\"gutentor-single-item-desc\">Equipe de campo realizando o recenso da ALP-11, em 2015 (foto de Abel Monteagudo-Mendoza)<\/p><a class=\"gutentor-button gutentor-single-item-button gutentor-icon-hide\" href=\"https:\/\/rainfor.org\/pt\/projeto\/campanhas-de-campo\/\"><i class=\"gutentor-button-icon fas fa-book\"><\/i><span>Leia Mais<\/span><\/a><\/div><\/div><\/div><\/div><\/div><div class=\"gutentor-gallery-item grid-md-3 grid-sm-4 grid-xs-12\"><div class=\"gutentor-single-item gutentor-image gutentor-single-item-3\"><div class=\"gutentor-gallery-item-wrap\"><div class=\"gutentor-single-item-image-box\"><div class=\"gutentor-image-thumb\"><img loading=\"lazy\" decoding=\"async\" class=\"normal-image\" src=\"https:\/\/rainfor.org\/wp-content\/uploads\/sites\/129\/2022\/06\/GOOD_Abel_Image6-Measuring-tree-height_Brienen.jpg\" alt=\"\" height=\"1440\" width=\"1920\" \/><div class=\"overlay\"><\/div><\/div><\/div><div class=\"gutentor-single-item-content\"><div class=\"gutentor-gallery-item-header\"><a href=\"https:\/\/rainfor.org\/wp-content\/uploads\/sites\/129\/2022\/06\/GOOD_Abel_Image6-Measuring-tree-height_Brienen.jpg\" class=\"image-gallery\"><i class=\"gallery-icon fas fa-search\"><\/i><\/a><\/div><div class=\"gutentor-gallery-item-desc\"><p class=\"gutentor-single-item-desc\">Medi\u00e7\u00e3o da altura da \u00e1rvore (foto de Roel Brienen)<\/p><a class=\"gutentor-button gutentor-single-item-button gutentor-icon-hide\" href=\"https:\/\/rainfor.org\/pt\/projeto\/campanhas-de-campo\/\"><i class=\"gutentor-button-icon fas fa-book\"><\/i><span>Leia Mais<\/span><\/a><\/div><\/div><\/div><\/div><\/div><div class=\"gutentor-gallery-item grid-md-3 grid-sm-4 grid-xs-12\"><div class=\"gutentor-single-item gutentor-image gutentor-single-item-4\"><div class=\"gutentor-gallery-item-wrap\"><div class=\"gutentor-single-item-image-box\"><div class=\"gutentor-image-thumb\"><img loading=\"lazy\" decoding=\"async\" class=\"normal-image\" src=\"https:\/\/rainfor.org\/wp-content\/uploads\/sites\/129\/2022\/06\/SAM_1065.jpg\" alt=\"\" height=\"1440\" width=\"1920\" \/><div class=\"overlay\"><\/div><\/div><\/div><div class=\"gutentor-single-item-content\"><div class=\"gutentor-gallery-item-header\"><a href=\"https:\/\/rainfor.org\/wp-content\/uploads\/sites\/129\/2022\/06\/SAM_1065.jpg\" class=\"image-gallery\"><i class=\"gallery-icon fas fa-search\"><\/i><\/a><\/div><div class=\"gutentor-gallery-item-desc\"><p class=\"gutentor-single-item-desc\">Escalada de \u00e1rvore, Brasil (foto de Bia Marimon)<\/p><a class=\"gutentor-button gutentor-single-item-button gutentor-icon-hide\" href=\"https:\/\/rainfor.org\/pt\/projeto\/campanhas-de-campo\/\"><i class=\"gutentor-button-icon fas fa-book\"><\/i><span>Leia Mais<\/span><\/a><\/div><\/div><\/div><\/div><\/div><div class=\"gutentor-gallery-item grid-md-3 grid-sm-4 grid-xs-12\"><div class=\"gutentor-single-item gutentor-image gutentor-single-item-5\"><div class=\"gutentor-gallery-item-wrap\"><div class=\"gutentor-single-item-image-box\"><div class=\"gutentor-image-thumb\"><img loading=\"lazy\" decoding=\"async\" class=\"normal-image\" src=\"https:\/\/rainfor.org\/wp-content\/uploads\/sites\/129\/2022\/06\/GOOD_Image-15_-Colombia_measuring_trees_Kindler.jpeg\" alt=\"\" height=\"1600\" width=\"1200\" \/><div class=\"overlay\"><\/div><\/div><\/div><div class=\"gutentor-single-item-content\"><div class=\"gutentor-gallery-item-header\"><a href=\"https:\/\/rainfor.org\/wp-content\/uploads\/sites\/129\/2022\/06\/GOOD_Image-15_-Colombia_measuring_trees_Kindler.jpeg\" class=\"image-gallery\"><i class=\"gallery-icon fas fa-search\"><\/i><\/a><\/div><div class=\"gutentor-gallery-item-desc\"><p class=\"gutentor-single-item-desc\">Medi\u00e7\u00e3o de uma \u00e1rvore grande, Col\u00f4mbia (foto Esteban \u00c1lvarez D\u00e1vila)<\/p><a class=\"gutentor-button gutentor-single-item-button gutentor-icon-hide\" href=\"https:\/\/rainfor.org\/pt\/projeto\/campanhas-de-campo\/\"><i class=\"gutentor-button-icon fas fa-book\"><\/i><span>Leia Mais<\/span><\/a><\/div><\/div><\/div><\/div><\/div><div class=\"gutentor-gallery-item grid-md-3 grid-sm-4 grid-xs-12\"><div class=\"gutentor-single-item gutentor-image gutentor-single-item-6\"><div class=\"gutentor-gallery-item-wrap\"><div class=\"gutentor-single-item-image-box\"><div class=\"gutentor-image-thumb\"><img loading=\"lazy\" decoding=\"async\" class=\"normal-image\" src=\"https:\/\/rainfor.org\/wp-content\/uploads\/sites\/129\/2022\/06\/GOOD_Emilio_CLA_EmilioVilanova_1-2.jpg\" alt=\"\" height=\"1920\" width=\"1272\" \/><div class=\"overlay\"><\/div><\/div><\/div><div class=\"gutentor-single-item-content\"><div class=\"gutentor-gallery-item-header\"><a href=\"https:\/\/rainfor.org\/wp-content\/uploads\/sites\/129\/2022\/06\/GOOD_Emilio_CLA_EmilioVilanova_1-2.jpg\" class=\"image-gallery\"><i class=\"gallery-icon fas fa-search\"><\/i><\/a><\/div><div class=\"gutentor-gallery-item-desc\"><p class=\"gutentor-single-item-desc\">Amostragem foliar (foto de Emilia Vilanova)<\/p><a class=\"gutentor-button gutentor-single-item-button gutentor-icon-hide\" href=\"https:\/\/rainfor.org\/pt\/projeto\/campanhas-de-campo\/\"><i class=\"gutentor-button-icon fas fa-book\"><\/i><span>Leia Mais<\/span><\/a><\/div><\/div><\/div><\/div><\/div><div class=\"gutentor-gallery-item grid-md-3 grid-sm-4 grid-xs-12\"><div class=\"gutentor-single-item gutentor-image gutentor-single-item-7\"><div class=\"gutentor-gallery-item-wrap\"><div class=\"gutentor-single-item-image-box\"><div class=\"gutentor-image-thumb\"><img loading=\"lazy\" decoding=\"async\" class=\"normal-image\" src=\"https:\/\/rainfor.org\/wp-content\/uploads\/sites\/129\/2022\/06\/JB.envfoto.bigtree_fullsize.jpg\" alt=\"\" height=\"630\" width=\"419\" \/><div class=\"overlay\"><\/div><\/div><\/div><div class=\"gutentor-single-item-content\"><div class=\"gutentor-gallery-item-header\"><a href=\"https:\/\/rainfor.org\/wp-content\/uploads\/sites\/129\/2022\/06\/JB.envfoto.bigtree_fullsize.jpg\" class=\"image-gallery\"><i class=\"gallery-icon fas fa-search\"><\/i><\/a><\/div><div class=\"gutentor-gallery-item-desc\"><p class=\"gutentor-single-item-desc\">Medi\u00e7\u00e3o de uma \u00e1rvore grande<\/p><a class=\"gutentor-button gutentor-single-item-button gutentor-icon-hide\" href=\"https:\/\/rainfor.org\/pt\/projeto\/campanhas-de-campo\/\"><i class=\"gutentor-button-icon fas fa-book\"><\/i><span>Leia Mais<\/span><\/a><\/div><\/div><\/div><\/div><\/div><div class=\"gutentor-gallery-item grid-md-3 grid-sm-4 grid-xs-12\"><div class=\"gutentor-single-item gutentor-image gutentor-single-item-8\"><div class=\"gutentor-gallery-item-wrap\"><div class=\"gutentor-single-item-image-box\"><div class=\"gutentor-image-thumb\"><img loading=\"lazy\" decoding=\"async\" class=\"normal-image\" src=\"https:\/\/rainfor.org\/wp-content\/uploads\/sites\/129\/2022\/06\/Equipo-de-Campo-Oso_Playa-2014.jpg\" alt=\"\" height=\"1440\" width=\"1920\" \/><div class=\"overlay\"><\/div><\/div><\/div><div class=\"gutentor-single-item-content\"><div class=\"gutentor-gallery-item-header\"><a href=\"https:\/\/rainfor.org\/wp-content\/uploads\/sites\/129\/2022\/06\/Equipo-de-Campo-Oso_Playa-2014.jpg\" class=\"image-gallery\"><i class=\"gallery-icon fas fa-search\"><\/i><\/a><\/div><div class=\"gutentor-gallery-item-desc\"><p class=\"gutentor-single-item-desc\">Equipe RAINFOR, PNY-09, Peru, 2014<\/p><a class=\"gutentor-button gutentor-single-item-button gutentor-icon-hide\" href=\"https:\/\/rainfor.org\/pt\/projeto\/campanhas-de-campo\/\"><i class=\"gutentor-button-icon fas fa-book\"><\/i><span>Leia Mais<\/span><\/a><\/div><\/div><\/div><\/div><\/div><\/div><\/div><\/section>\n\n\n\n<div id=\"section-g3838e6\" class=\"wp-block-gutentor-e2 section-g3838e6 gutentor-element gutentor-element-button button-align-center-desktop\"><span class=\"gutentor-button-wrap\"><a class=\"gutentor-button gutentor-block-button gutentor-icon-hide\" href=\"https:\/\/rainfor.org\/pt\/projeto\/campanhas-de-campo\/\"><i class=\"gutentor-button-icon fas fa-book\"><\/i><span>Veja todas as campanhas de campo<\/span><\/a><\/span><\/div>\n","protected":false},"excerpt":{"rendered":"","protected":false},"author":597,"featured_media":0,"parent":0,"menu_order":0,"comment_status":"closed","ping_status":"closed","template":"","meta":{"_acf_changed":false,"inline_featured_image":false,"_editorskit_title_hidden":false,"_editorskit_reading_time":1,"_editorskit_is_block_options_detached":false,"_editorskit_block_options_position":"{}","footnotes":""},"class_list":["post-1497","page","type-page","status-publish"],"acf":[],"_links":{"self":[{"href":"https:\/\/rainfor.org\/pt\/wp-json\/wp\/v2\/pages\/1497","targetHints":{"allow":["GET"]}}],"collection":[{"href":"https:\/\/rainfor.org\/pt\/wp-json\/wp\/v2\/pages"}],"about":[{"href":"https:\/\/rainfor.org\/pt\/wp-json\/wp\/v2\/types\/page"}],"author":[{"embeddable":true,"href":"https:\/\/rainfor.org\/pt\/wp-json\/wp\/v2\/users\/597"}],"replies":[{"embeddable":true,"href":"https:\/\/rainfor.org\/pt\/wp-json\/wp\/v2\/comments?post=1497"}],"version-history":[{"count":0,"href":"https:\/\/rainfor.org\/pt\/wp-json\/wp\/v2\/pages\/1497\/revisions"}],"wp:attachment":[{"href":"https:\/\/rainfor.org\/pt\/wp-json\/wp\/v2\/media?parent=1497"}],"curies":[{"name":"wp","href":"https:\/\/api.w.org\/{rel}","templated":true}]}}